{"id":42,"date":"2017-01-13T23:44:31","date_gmt":"2017-01-13T22:44:31","guid":{"rendered":"http:\/\/afaps.fr\/?page_id=42"},"modified":"2021-04-13T17:21:20","modified_gmt":"2021-04-13T15:21:20","slug":"actions-culturelles","status":"publish","type":"page","link":"https:\/\/afaps.fr\/?page_id=42","title":{"rendered":"Activit\u00e9s Culturelles"},"content":{"rendered":"\n<p>Pour r\u00e9aliser ces objectifs, l&rsquo;AFAPS organise des galas, f\u00eates du Printemps, sorties, pique-niques ainsi que des conf\u00e9rences-d\u00e9bats et des <!--a href=\"https:\/\/afaps.fr\/afaps-download\/2018\/Cours de vietnamien 2018-2019.pdf\"><strong>cours de vietnamien<\/strong><\/a--> cours de vietnamien pour enfants et adultes.<\/p>\n<p>C\u2019est ainsi que nous avons organis\u00e9:<\/p>\n<ul>\n<li style=\"list-style-type: none;\">\n<ul>\n<li><strong>Une sortie culturelle<\/strong>, visite du Pays de Nemours et croisi\u00e8re fluviale sur le Loing, en octobre 2015<\/li>\n<\/ul>\n<\/li>\n<\/ul>\n<p><img decoding=\"async\" class=\"size-full wp-image-401\" src=\"https:\/\/afaps.fr\/afaps\/images\/actions_culturelles\/sorties_culturelles.png\" alt=\"\"><br>\n<a href=\"https:\/\/afaps.fr\/afaps-download\/2020\/AFAPS_SORTIES.pdf\">\n<img decoding=\"async\" class=\"size-full wp-image-403 alignleft\" src=\"https:\/\/afaps.fr\/afaps\/images\/common\/cliquer_ici_bleu_100x37.png\"><\/a>\npour voir quelques souvenirs des sorties de l&rsquo;AFAPS.<\/p><p><\/p>\n<ul>\n<li style=\"list-style-type: none;\">\n<ul>\n<li><strong>Un grand Spectacle<\/strong> qui a fait salle comble de l\u2019Espace Vasarely \u00e0 Antony, en janvier 2016 \u00e0 l\u2019occasion du Nouvel An vietnamien et du 30\u00e8me anniversaire de l\u2019AFAPS<\/li>\n<\/ul>\n<\/li>\n<\/ul>\n<p><img decoding=\"async\" class=\"size-full wp-image-401\" src=\"https:\/\/afaps.fr\/afaps\/images\/actions_culturelles\/fetes_du_tet.png\" alt=\"\"><br>\n<a href=\"https:\/\/afaps.fr\/afaps-download\/2020\/AFAPS_LES_FETES_DU_TET.pdf\"><img decoding=\"async\" class=\"size-full wp-image-403 alignleft\" src=\"https:\/\/afaps.fr\/afaps\/images\/common\/cliquer_ici_bleu_100x37.png\"><\/a>\npour voir quelques photos souvenirs des f\u00eates du T\u00eat organis\u00e9s par l&rsquo;AFAPS.<\/p>\n<ul>\n<li style=\"list-style-type: none;\">\n<ul>\n<li><strong>Une conf\u00e9rence-d\u00e9bats<\/strong> sur la \u00ab contribution des militaires indochinois \u00e0 la France au 19 et 20\u00e8me si\u00e8cle \u00bb en d\u00e9cembre 2016.<\/li>\n<\/ul>\n<\/li>\n<\/ul>\n<p><img decoding=\"async\" class=\"size-full wp-image-401\" src=\"https:\/\/afaps.fr\/afaps\/images\/actions_culturelles\/conferences_debats.png\" alt=\"\"><br>\n<a href=\"https:\/\/afaps.fr\/afaps-download\/2020\/AFAPS_CONFERENCES-DEBATS.pdf\">\n<img decoding=\"async\" class=\"size-full wp-image-403 alignleft\" src=\"https:\/\/afaps.fr\/afaps\/images\/common\/cliquer_ici_bleu_100x37.png\"><\/a>\npour voir quelques photos souvenirs des conf\u00e9rences-d\u00e9bats.\n<\/p>\n\n\n\n<p><\/p>\n","protected":false},"excerpt":{"rendered":"<p>Pour r\u00e9aliser ces objectifs, l&rsquo;AFAPS organise des galas, f\u00eates du Printemps, sorties, pique-niques ainsi que des conf\u00e9rences-d\u00e9bats et des cours de vietnamien pour enfants et adultes. C\u2019est ainsi que nous avons organis\u00e9: Une sortie culturelle, visite du Pays de Nemours et croisi\u00e8re fluviale sur le Loing, en octobre 2015 pour voir quelques souvenirs des sorties [&hellip;]<\/p>\n","protected":false},"author":2,"featured_media":0,"parent":0,"menu_order":0,"comment_status":"closed","ping_status":"closed","template":"","meta":{"footnotes":""},"class_list":["post-42","page","type-page","status-publish","hentry"],"_links":{"self":[{"href":"https:\/\/afaps.fr\/index.php?rest_route=\/wp\/v2\/pages\/42","targetHints":{"allow":["GET"]}}],"collection":[{"href":"https:\/\/afaps.fr\/index.php?rest_route=\/wp\/v2\/pages"}],"about":[{"href":"https:\/\/afaps.fr\/index.php?rest_route=\/wp\/v2\/types\/page"}],"author":[{"embeddable":true,"href":"https:\/\/afaps.fr\/index.php?rest_route=\/wp\/v2\/users\/2"}],"replies":[{"embeddable":true,"href":"https:\/\/afaps.fr\/index.php?rest_route=%2Fwp%2Fv2%2Fcomments&post=42"}],"version-history":[{"count":41,"href":"https:\/\/afaps.fr\/index.php?rest_route=\/wp\/v2\/pages\/42\/revisions"}],"predecessor-version":[{"id":980,"href":"https:\/\/afaps.fr\/index.php?rest_route=\/wp\/v2\/pages\/42\/revisions\/980"}],"wp:attachment":[{"href":"https:\/\/afaps.fr\/index.php?rest_route=%2Fwp%2Fv2%2Fmedia&parent=42"}],"curies":[{"name":"wp","href":"https:\/\/api.w.org\/{rel}","templated":true}]}}